{"id":16913,"date":"2019-09-06T10:01:36","date_gmt":"2019-09-06T10:01:36","guid":{"rendered":"http:\/\/arminloeblein.de\/?page_id=16913"},"modified":"2019-09-06T10:06:31","modified_gmt":"2019-09-06T10:06:31","slug":"impressum","status":"publish","type":"page","link":"http:\/\/arminloeblein.de\/?page_id=16913","title":{"rendered":"Impressum"},"content":{"rendered":"<div class=\"vgblk-rw-wrapper limit-wrapper\"><h4>\n\tImpressum\n\t<\/h4>\n\t<strong>Armin L\u00f6blein<\/strong><br \/>\nWeihnachtsb\u00e4ume und Landschaftspflege\n<strong>Anschrift:<\/strong><br \/>\nLindenweg 7 a<br \/>\n97785 Mittelsinn<br \/>\nDeutschland, Bayern\n<strong>Kontakt:<\/strong><br \/>\nTelefon: 09356 6581<br \/>\nE-Mail: info@armin-loeblein.de\n\t<p>&nbsp;<\/p>\n<p>&nbsp;<\/p>\n<b>Gesch\u00e4ftsf\u00fchrer\/Inhaber:<br \/>\n<\/b>Armin L\u00f6blein\n<strong>Inhaltlich verantwortlich f\u00fcr journalistisch-redaktionell gestaltete Angebote i.S.v. \u00a7 55 Abs.2 Rundfunkstaatsvertrag:<br \/>\n<\/strong>Armin L\u00f6blein, Lindenweg 7 a, 97785 Mittelsinn\n<strong>Haftungshinweis: <\/strong><br \/>\nTrotz sorgf\u00e4ltiger inhaltlicher Kontrolle \u00fcbernehmen wir keine Haftung f\u00fcr die Inhalte externer Links. F\u00fcr den Inhalt der verlinkten Seiten sind ausschlie\u00dflich deren Betreiber verantwortlich.\n<p>&nbsp;<\/p>\n<p>&nbsp;<\/p>\n<p><strong>Konzept, Realisierung:<\/strong><\/p>\n<p><img decoding=\"async\" loading=\"lazy\" src=\"http:\/\/h36v39f1.unicornad.de\/wp-content\/uploads\/2018\/12\/UNIC-Logo-marketing-Nexa-300x58.png\" alt=\"\" width=\"181\" height=\"35\" \/><\/p>\n<strong>UNICORNAD<br \/>\n<\/strong>Werbeagentur<br \/>\n97450 Arnstein<br \/>\nwww.unicornad.com\n<\/div><!-- .vgblk-rw-wrapper -->","protected":false},"excerpt":{"rendered":"<p>Impressum Armin L\u00f6blein Weihnachtsb\u00e4ume und Landschaftspflege Anschrift: Lindenweg 7 a 97785 Mittelsinn Deutschland, Bayern Kontakt: Telefon: 09356 6581 E-Mail: info@armin-loeblein.de &nbsp; &nbsp; Gesch\u00e4ftsf\u00fchrer\/Inhaber: Armin L\u00f6blein Inhaltlich verantwortlich f\u00fcr journalistisch-redaktionell gestaltete Angebote i.S.v. \u00a7 55 Abs.2 Rundfunkstaatsvertrag: Armin L\u00f6blein, Lindenweg 7 a, 97785 Mittelsinn Haftungshinweis: Trotz sorgf\u00e4ltiger inhaltlicher Kontrolle \u00fcbernehmen wir keine Haftung f\u00fcr die Inhalte&#8230;<\/p>\n","protected":false},"author":1,"featured_media":0,"parent":0,"menu_order":0,"comment_status":"closed","ping_status":"closed","template":"","meta":{"footnotes":""},"jetpack_sharing_enabled":true,"_links":{"self":[{"href":"http:\/\/arminloeblein.de\/index.php?rest_route=\/wp\/v2\/pages\/16913"}],"collection":[{"href":"http:\/\/arminloeblein.de\/index.php?rest_route=\/wp\/v2\/pages"}],"about":[{"href":"http:\/\/arminloeblein.de\/index.php?rest_route=\/wp\/v2\/types\/page"}],"author":[{"embeddable":true,"href":"http:\/\/arminloeblein.de\/index.php?rest_route=\/wp\/v2\/users\/1"}],"replies":[{"embeddable":true,"href":"http:\/\/arminloeblein.de\/index.php?rest_route=%2Fwp%2Fv2%2Fcomments&post=16913"}],"version-history":[{"count":4,"href":"http:\/\/arminloeblein.de\/index.php?rest_route=\/wp\/v2\/pages\/16913\/revisions"}],"predecessor-version":[{"id":16920,"href":"http:\/\/arminloeblein.de\/index.php?rest_route=\/wp\/v2\/pages\/16913\/revisions\/16920"}],"wp:attachment":[{"href":"http:\/\/arminloeblein.de\/index.php?rest_route=%2Fwp%2Fv2%2Fmedia&parent=16913"}],"curies":[{"name":"wp","href":"https:\/\/api.w.org\/{rel}","templated":true}]}}