{"id":11410,"date":"2016-12-05T16:27:32","date_gmt":"2016-12-05T16:27:32","guid":{"rendered":"https:\/\/landscaping.vamtam.com\/?page_id=11410"},"modified":"2022-10-30T09:51:21","modified_gmt":"2022-10-30T09:51:21","slug":"about","status":"publish","type":"page","link":"http:\/\/arminloeblein.de\/?page_id=11410","title":{"rendered":"\u00dcber uns"},"content":{"rendered":"<div class=\"vgblk-rw-wrapper limit-wrapper\">\n\t<h2>Bei L\u00f6bleins wird es einfach gemacht.<\/h2>\n\t<h4>Lange Erfahrung, Leidenschaft an der Arbeit und die Freude an immer neuen Herausforderungen stellen sicher, dass unsere Leistungen \u00fcberzeugen.<\/h4>\n\t\t\t5+\n\t\t\t\t\t\t\tFahrzeuge\n\t<p>Mit unserem Fuhrpark, bestehend aus f\u00fcnf Fahrzeugen, bew\u00e4ltigen wir jeden Auftrag. Sei es zur Landschaftspflege oder zu Mulch- und Fr\u00e4sarbeiten.<\/p>\n\t\t\t1\n\t\t\t\t\t\t\tDiensthund\n\t<p>Unser Diensthund begleitet uns t\u00e4glich bei unserer Arbeit und zu unseren Christbaumfl\u00e4chen.<\/p>\n\t\t\t4\n\t\t\t\t\t\t\tFamilienmitglieder\n\t<p>Wir sind ein Familienbetrieb, hier packt die ganze Familie mit an.<\/p>\n\t\t\t\t<a href=\"\/gardens\/\" target=\"_self\" itemprop=\"url\" rel=\"noopener noreferrer\">\n\t\t\t\t<img decoding=\"async\" loading=\"lazy\" src=\"http:\/\/arminloeblein.de\/wp-content\/uploads\/2019\/09\/Leistungen_Christbaeume_1x1_klein.jpg\" alt=\"Leistungen_Christbaeume_1x1_klein\" itemprop=\"image\" height=\"3744\" width=\"3744\" title=\"Leistungen_Christbaeume_1x1_klein\" onerror=\"this.style.display='none'\"  \/>\n\t\t\t\t<\/a>\n<h3>\n\t\t\t<a href=\"http:\/\/arminloeblein.de\/?page_id=11406\" title=\"Weihnachtsb\u00e4ume\" target=\"_self\" rel=\"noopener noreferrer\">\n\tWeihnachtsb\u00e4ume\n\t\t\t<\/a>\n\t<\/h3>\n\t\t\t\t<a href=\"\/urban\/\" target=\"_self\" itemprop=\"url\" rel=\"noopener noreferrer\">\n\t\t\t\t<img decoding=\"async\" loading=\"lazy\" src=\"http:\/\/arminloeblein.de\/wp-content\/uploads\/2019\/09\/PHOTO-2019-09-11-21-38-07_1x1.jpg\" alt=\"PHOTO-2019-09-11-21-38-07_1x1\" itemprop=\"image\" height=\"768\" width=\"768\" title=\"PHOTO-2019-09-11-21-38-07_1x1\" onerror=\"this.style.display='none'\"  \/>\n\t\t\t\t<\/a>\n<h3>\n\t\t\t<a href=\"http:\/\/arminloeblein.de\/?page_id=11406\" title=\"Landschaftspflege\" target=\"_self\" rel=\"noopener noreferrer\">\n\tLandschaftspflege\n\t\t\t<\/a>\n\t<\/h3>\n\t\t\t\t<a href=\"\/maintenance\/\" target=\"_self\" itemprop=\"url\" rel=\"noopener noreferrer\">\n\t\t\t\t<img decoding=\"async\" loading=\"lazy\" src=\"http:\/\/arminloeblein.de\/wp-content\/uploads\/2019\/09\/WhatsApp-Image-2019-05-151-1x1.jpg\" alt=\"WhatsApp Image 2019-05-151-1x1\" itemprop=\"image\" height=\"1200\" width=\"1200\" title=\"WhatsApp Image 2019-05-151-1x1\" onerror=\"this.style.display='none'\"  \/>\n\t\t\t\t<\/a>\n<h3>\n\t\t\t<a href=\"http:\/\/arminloeblein.de\/?page_id=11406\" title=\"Mulch- und Fr\u00e4sarbeiten\" target=\"_self\" rel=\"noopener noreferrer\">\n\tMulch- und Fr\u00e4sarbeiten\n\t\t\t<\/a>\n\t<\/h3>\n<h3>\n\t\t\t<a href=\"\/events\/\" title=\"Weiteres\" target=\"_self\" rel=\"noopener noreferrer\">\n\tWeiteres\n\t\t\t<\/a>\n\t<\/h3>\n\t<p>Gerne sind wir Ihnen auch bei weiteren Leistungen behilflich. Sprechen Sie uns gerne darauf an.<\/p>\n<h5>\n\tEine gro\u00dfe Palette an Leistungen:\n\t<\/h5>\n\t<ul>\n<li>Weihnachtsb\u00e4ume<\/li>\n<li>Deko-B\u00e4ume<\/li>\n<li>Schnittgr\u00fcn \/ Handbunde<\/li>\n<\/ul>\n\t<ul>\n<li>M\u00e4hausleger, Buschhacker<\/li>\n<li>Astschere, Kreiss\u00e4ge<\/li>\n<li>\nWiesenmulcher, Kreiselegge\n<\/li>\n<\/ul>\n\t<ul>\n<li>Fr\u00e4sen<\/li>\n<li>Mulchen<\/li>\n<\/ul>\n<h2>\n\tWieso L\u00f6blein?\n\t<\/h2>\n\t<p>Bei L\u00f6bleins wird es einfach gemacht. Mit unseren modernen Ger\u00e4ten und Fahrzeugen sowie unserem engagierten Team k\u00f6nnen wir Ihre Auftr\u00e4ge professionell abarbeiten &#8211; ohne langes Hin und Her. Als Familienbetrieb sind wir flexibel und immer l\u00f6sungsorientiert.<\/p>\n<h2>\n\tUnsere Heimat.\n\t<\/h2>\n\t<p>Unsere Heimat ist der Sinngrund. Gelegen im bayerischen Regierungsbezirk Unterfranken, liegen wir im Spessart und unweit der hessischen Grenze. Unsere Landschaft zeichnet sich durch eine \u00fcppige Waldlandschaft aus und viele gr\u00fcne Wiesen pr\u00e4gen das Bild. Diese Region nutzen wir auch als Anbaugebiet unserer Christb\u00e4ume.<\/p>\n<h2>\n\tTreten Sie mit uns in Kontakt. \n\t<\/h2>\n<h4>\n\tWir freuen uns von Ihnen zu h\u00f6ren.\n\t<\/h4>\n    Hinweis: F\u00fcr diesen Inhalt ist JavaScript erforderlich.\n        <!-- TODO: Move to Template File. -->\n        <\/div><!-- .vgblk-rw-wrapper -->","protected":false},"excerpt":{"rendered":"<p>Bei L\u00f6bleins wird es einfach gemacht. Lange Erfahrung, Leidenschaft an der Arbeit und die Freude an immer neuen Herausforderungen stellen sicher, dass unsere Leistungen \u00fcberzeugen. 5+ Fahrzeuge Mit unserem Fuhrpark, bestehend aus f\u00fcnf Fahrzeugen, bew\u00e4ltigen wir jeden Auftrag. Sei es zur Landschaftspflege oder zu Mulch- und Fr\u00e4sarbeiten. 1 Diensthund Unser Diensthund begleitet uns t\u00e4glich bei&#8230;<\/p>\n","protected":false},"author":1,"featured_media":0,"parent":0,"menu_order":0,"comment_status":"closed","ping_status":"closed","template":"","meta":{"footnotes":""},"jetpack_sharing_enabled":true,"_links":{"self":[{"href":"http:\/\/arminloeblein.de\/index.php?rest_route=\/wp\/v2\/pages\/11410"}],"collection":[{"href":"http:\/\/arminloeblein.de\/index.php?rest_route=\/wp\/v2\/pages"}],"about":[{"href":"http:\/\/arminloeblein.de\/index.php?rest_route=\/wp\/v2\/types\/page"}],"author":[{"embeddable":true,"href":"http:\/\/arminloeblein.de\/index.php?rest_route=\/wp\/v2\/users\/1"}],"replies":[{"embeddable":true,"href":"http:\/\/arminloeblein.de\/index.php?rest_route=%2Fwp%2Fv2%2Fcomments&post=11410"}],"version-history":[{"count":12,"href":"http:\/\/arminloeblein.de\/index.php?rest_route=\/wp\/v2\/pages\/11410\/revisions"}],"predecessor-version":[{"id":16995,"href":"http:\/\/arminloeblein.de\/index.php?rest_route=\/wp\/v2\/pages\/11410\/revisions\/16995"}],"wp:attachment":[{"href":"http:\/\/arminloeblein.de\/index.php?rest_route=%2Fwp%2Fv2%2Fmedia&parent=11410"}],"curies":[{"name":"wp","href":"https:\/\/api.w.org\/{rel}","templated":true}]}}